{"id":619,"date":"2021-03-31T16:08:56","date_gmt":"2021-03-31T14:08:56","guid":{"rendered":"https:\/\/dpm-mashel.de\/ekobild\/?page_id=619"},"modified":"2021-04-01T16:00:05","modified_gmt":"2021-04-01T14:00:05","slug":"gemuetliches-zuhause","status":"publish","type":"page","link":"https:\/\/dpm-mashel.de\/ekobild\/gemuetliches-zuhause\/","title":{"rendered":"Gem\u00fctliches Zuhause"},"content":{"rendered":"<div data-colibri-id=\"619-c1\" class=\"style-294 style-local-619-c1 position-relative\">\n  <!---->\n  <div data-colibri-component=\"section\" data-colibri-id=\"619-c2\" id=\"blog\" class=\"h-section h-section-global-spacing d-flex align-items-lg-center align-items-md-center align-items-center style-295 style-local-619-c2 position-relative\">\n    <!---->\n    <!---->\n    <div class=\"h-section-grid-container h-section-boxed-container\">\n      <div data-colibri-id=\"619-c15\" class=\"h-row-container gutters-row-lg-2 gutters-row-md-2 gutters-row-2 gutters-row-v-lg-2 gutters-row-v-md-2 gutters-row-v-2 style-308 style-local-619-c15 position-relative\">\n        <!---->\n        <div class=\"h-row justify-content-lg-center justify-content-md-center justify-content-center align-items-lg-stretch align-items-md-stretch align-items-stretch gutters-col-lg-2 gutters-col-md-2 gutters-col-2 gutters-col-v-lg-2 gutters-col-v-md-2 gutters-col-v-2\">\n          <!---->\n          <div class=\"h-column h-column-container d-flex h-col-lg-auto h-col-md-auto h-col-auto style-309-outer style-local-619-c16-outer\">\n            <div data-colibri-id=\"619-c16\" class=\"d-flex h-flex-basis h-column__inner h-px-lg-2 h-px-md-2 h-px-2 v-inner-lg-2 v-inner-md-2 v-inner-2 style-309 style-local-619-c16 position-relative\">\n              <!---->\n              <!---->\n              <div class=\"w-100 h-y-container h-column__content h-column__v-align flex-basis-100 align-self-lg-start align-self-md-start align-self-start\">\n                <!---->\n                <div data-colibri-id=\"619-c17\" class=\"h-global-transition-all h-heading style-310 style-local-619-c17 position-relative h-element\">\n                  <!---->\n                  <div class=\"h-heading__outer style-310 style-local-619-c17\">\n                    <!---->\n                    <!---->\n                    <h1 class=\"\">Gem\u00fctliches Zuhause<\/h1>\n                  <\/div>\n                <\/div>\n              <\/div>\n            <\/div>\n          <\/div>\n        <\/div>\n      <\/div>\n      <div data-colibri-id=\"619-c3\" class=\"h-row-container gutters-row-lg-0 gutters-row-md-0 gutters-row-0 gutters-row-v-lg-0 gutters-row-v-md-0 gutters-row-v-0 style-296 style-local-619-c3 position-relative\">\n        <!---->\n        <div class=\"h-row justify-content-lg-center justify-content-md-center justify-content-center align-items-lg-stretch align-items-md-stretch align-items-stretch gutters-col-lg-0 gutters-col-md-0 gutters-col-0 gutters-col-v-lg-0 gutters-col-v-md-0 gutters-col-v-0\">\n          <!---->\n          <div class=\"h-column h-column-container d-flex h-col-lg-auto h-col-md-auto h-col-auto style-297-outer style-local-619-c4-outer\">\n            <div data-colibri-id=\"619-c4\" class=\"d-flex h-flex-basis h-column__inner h-px-lg-0 h-px-md-0 h-px-0 v-inner-lg-0 v-inner-md-0 v-inner-0 style-297 style-local-619-c4 position-relative\">\n              <!---->\n              <!---->\n              <div class=\"w-100 h-y-container h-column__content h-column__v-align flex-basis-100 align-self-lg-start align-self-md-start align-self-start\">\n                <!---->\n                <div data-colibri-id=\"619-c5\" class=\"h-row-container gutters-row-lg-2 gutters-row-md-2 gutters-row-2 gutters-row-v-lg-2 gutters-row-v-md-2 gutters-row-v-2 colibri-dynamic-list style-298 style-local-619-c5 position-relative\">\n                  <!---->\n                  <div data-colibri-component=\"\" class=\"h-row justify-content-lg-start justify-content-md-start justify-content-start align-items-lg-stretch align-items-md-stretch align-items-stretch gutters-col-lg-2 gutters-col-md-2 gutters-col-2 gutters-col-v-lg-2 gutters-col-v-md-2 gutters-col-v-2 style-298-row style-local-619-c5-row\">\n                    <!---->\n        <div class=\"h-column h-column-container d-flex h-col-lg-6 h-col-md-6 h-col-12 post-1634 post type-post status-publish format-standard has-post-thumbnail hentry category-gemuetliches-zuhause tag-einrichtung tag-innendesign tag-natur tag-oekologisch masonry-item style-299-outer style-local-619-c6-outer\"><div data-colibri-id=\"619-c6\" class=\"d-flex h-flex-basis h-column__inner h-px-lg-2 h-px-md-2 h-px-2 v-inner-lg-2 v-inner-md-2 v-inner-2 style-299 style-local-619-c6 h-overflow-hidden position-relative\"> <div class=\"w-100 h-y-container h-column__content h-column__v-align flex-basis-100 align-self-lg-start align-self-md-start align-self-start\"> <div data-href=\"https:\/\/dpm-mashel.de\/ekobild\/geschichte-des-oekologischen-innendesigns\/\" data-colibri-component=\"link\" data-colibri-id=\"619-c7\" class=\"colibri-post-thumbnail colibri-post-has-thumbnail colibri-post-thumbnail-has-placeholder style-300 style-local-619-c7 h-overflow-hidden position-relative h-element\"><div class=\"h-global-transition-all colibri-post-thumbnail-shortcode style-dynamic-619-c7-height\">            <a href=\"https:\/\/dpm-mashel.de\/ekobild\/geschichte-des-oekologischen-innendesigns\/\" title=\"Die Geschichte des \u00f6kologischen Innendesigns\">\n\t\t\t\t<img loading=\"lazy\" decoding=\"async\" width=\"1707\" height=\"2560\" src=\"https:\/\/dpm-mashel.de\/ekobild\/wp-content\/uploads\/2021\/07\/2.3-1-scaled.jpg\" class=\"attachment-post-thumbnail size-post-thumbnail wp-post-image\" alt=\"\" srcset=\"https:\/\/dpm-mashel.de\/ekobild\/wp-content\/uploads\/2021\/07\/2.3-1-scaled.jpg 1707w, https:\/\/dpm-mashel.de\/ekobild\/wp-content\/uploads\/2021\/07\/2.3-1-333x500.jpg 333w, https:\/\/dpm-mashel.de\/ekobild\/wp-content\/uploads\/2021\/07\/2.3-1-683x1024.jpg 683w, https:\/\/dpm-mashel.de\/ekobild\/wp-content\/uploads\/2021\/07\/2.3-1-768x1152.jpg 768w, https:\/\/dpm-mashel.de\/ekobild\/wp-content\/uploads\/2021\/07\/2.3-1-1024x1536.jpg 1024w, https:\/\/dpm-mashel.de\/ekobild\/wp-content\/uploads\/2021\/07\/2.3-1-1365x2048.jpg 1365w\" sizes=\"(max-width: 1707px) 100vw, 1707px\" \/>            <\/a>\n\t\t\t<\/div> <div class=\"colibri-post-thumbnail-content align-items-lg-center align-items-md-center align-items-center flex-basis-100\"><div class=\"w-100 h-y-container\"> <\/div><\/div><\/div><div data-colibri-id=\"619-c8\" class=\"h-row-container gutters-row-lg-0 gutters-row-md-0 gutters-row-2 gutters-row-v-lg-0 gutters-row-v-md-0 gutters-row-v-0 style-301 style-local-619-c8 position-relative\"><div class=\"h-row justify-content-lg-center justify-content-md-center justify-content-center align-items-lg-stretch align-items-md-stretch align-items-stretch gutters-col-lg-0 gutters-col-md-0 gutters-col-2 gutters-col-v-lg-0 gutters-col-v-md-0 gutters-col-v-0\"> <div class=\"h-column h-column-container d-flex h-col-lg h-col-md h-col-auto style-302-outer style-local-619-c9-outer\"><div data-colibri-id=\"619-c9\" class=\"d-flex h-flex-basis h-column__inner h-px-lg-3 h-px-md-3 h-px-3 v-inner-lg-3 v-inner-md-3 v-inner-3 style-302 style-local-619-c9 position-relative\"> <div class=\"w-100 h-y-container h-column__content h-column__v-align flex-basis-100 align-self-lg-start align-self-md-start align-self-start\"> <div data-colibri-id=\"619-c10\" class=\"h-blog-title style-303 style-local-619-c10 position-relative h-element\"><div class=\"h-global-transition-all\"><a href=\"https:\/\/dpm-mashel.de\/ekobild\/geschichte-des-oekologischen-innendesigns\/\"><h4 class=\"colibri-word-wrap\">Die Geschichte des \u00f6kologischen Innendesigns<\/h4><\/a><\/div><\/div><div data-colibri-id=\"619-c11\" class=\"h-blog-meta style-304 style-local-619-c11 position-relative h-element\"><div class=\"metadata-item\"> <a href=\"https:\/\/dpm-mashel.de\/ekobild\/2021\/07\/07\/\">7 Jul<\/a><\/div><\/div><div data-colibri-id=\"619-c12\" class=\"style-305 style-local-619-c12 position-relative h-element\"><div class=\"h-global-transition-all\"><div class=\"colibri-post-excerpt\">Mode oder Wunsch nach Harmonie mit der Natur? Was ist \u00d6kodesign und warum wird es in letzter Zeit immer beliebter? Eine kurze Zusammenfassung der Geschichte des \u00f6kologischen Innendesigns:<\/div><\/div><\/div><div data-colibri-id=\"619-c13\" class=\"h-x-container style-306 style-local-619-c13 position-relative h-element\"><div class=\"h-x-container-inner style-dynamic-619-c13-group\"><span class=\"h-button__outer style-307-outer style-local-619-c14-outer d-inline-flex h-element\"><a href=\"https:\/\/dpm-mashel.de\/ekobild\/geschichte-des-oekologischen-innendesigns\/\" data-colibri-id=\"619-c14\" class=\"d-flex w-100 align-items-center h-button justify-content-lg-center justify-content-md-center justify-content-center style-307 style-local-619-c14 position-relative\"> <span>Weiterlesen<\/span> <span class=\"h-svg-icon h-button__icon style-307-icon style-local-619-c14-icon\"><svg version=\"1.1\" xmlns=\"http:\/\/www.w3.org\/2000\/svg\" xmlns:xlink=\"http:\/\/www.w3.org\/1999\/xlink\" id=\"arrow-right\" viewBox=\"0 0 512 545.5\"><path d=\"M299.5 140.5l136 136 11 11.5-11 11.5-136 136-23-23L385 304H64v-32h321L276.5 163.5z\"><\/path><\/svg><\/span><\/a><\/span><\/div><\/div><\/div><\/div><\/div><\/div><\/div><\/div><\/div><\/div>\n      \n      \n        <div class=\"h-column h-column-container d-flex h-col-lg-6 h-col-md-6 h-col-12 post-11 post type-post status-publish format-standard has-post-thumbnail hentry category-gemuetliches-zuhause tag-teenager tag-wanddesign tag-zimmer masonry-item style-299-outer style-local-619-c6-outer\"><div data-colibri-id=\"619-c6\" class=\"d-flex h-flex-basis h-column__inner h-px-lg-2 h-px-md-2 h-px-2 v-inner-lg-2 v-inner-md-2 v-inner-2 style-299 style-local-619-c6 h-overflow-hidden position-relative\"> <div class=\"w-100 h-y-container h-column__content h-column__v-align flex-basis-100 align-self-lg-start align-self-md-start align-self-start\"> <div data-href=\"https:\/\/dpm-mashel.de\/ekobild\/jugendliche-raumgestaltung\/\" data-colibri-component=\"link\" data-colibri-id=\"619-c7\" class=\"colibri-post-thumbnail colibri-post-has-thumbnail colibri-post-thumbnail-has-placeholder style-300 style-local-619-c7 h-overflow-hidden position-relative h-element\"><div class=\"h-global-transition-all colibri-post-thumbnail-shortcode style-dynamic-619-c7-height\">            <a href=\"https:\/\/dpm-mashel.de\/ekobild\/jugendliche-raumgestaltung\/\" title=\"Wie gestaltet man das Zimmer eines Teenagers?\">\n\t\t\t\t<img loading=\"lazy\" decoding=\"async\" width=\"1707\" height=\"1017\" src=\"https:\/\/dpm-mashel.de\/ekobild\/wp-content\/uploads\/2021\/01\/pexels-ivan-samkov-5799056-scaled-e1618903968512.jpg\" class=\"attachment-post-thumbnail size-post-thumbnail wp-post-image\" alt=\"Teenie Raumgestaltung\" srcset=\"https:\/\/dpm-mashel.de\/ekobild\/wp-content\/uploads\/2021\/01\/pexels-ivan-samkov-5799056-scaled-e1618903968512.jpg 1707w, https:\/\/dpm-mashel.de\/ekobild\/wp-content\/uploads\/2021\/01\/pexels-ivan-samkov-5799056-scaled-e1618903968512-500x298.jpg 500w, https:\/\/dpm-mashel.de\/ekobild\/wp-content\/uploads\/2021\/01\/pexels-ivan-samkov-5799056-scaled-e1618903968512-1024x610.jpg 1024w, https:\/\/dpm-mashel.de\/ekobild\/wp-content\/uploads\/2021\/01\/pexels-ivan-samkov-5799056-scaled-e1618903968512-768x458.jpg 768w, https:\/\/dpm-mashel.de\/ekobild\/wp-content\/uploads\/2021\/01\/pexels-ivan-samkov-5799056-scaled-e1618903968512-1536x915.jpg 1536w\" sizes=\"(max-width: 1707px) 100vw, 1707px\" \/>            <\/a>\n\t\t\t<\/div> <div class=\"colibri-post-thumbnail-content align-items-lg-center align-items-md-center align-items-center flex-basis-100\"><div class=\"w-100 h-y-container\"> <\/div><\/div><\/div><div data-colibri-id=\"619-c8\" class=\"h-row-container gutters-row-lg-0 gutters-row-md-0 gutters-row-2 gutters-row-v-lg-0 gutters-row-v-md-0 gutters-row-v-0 style-301 style-local-619-c8 position-relative\"><div class=\"h-row justify-content-lg-center justify-content-md-center justify-content-center align-items-lg-stretch align-items-md-stretch align-items-stretch gutters-col-lg-0 gutters-col-md-0 gutters-col-2 gutters-col-v-lg-0 gutters-col-v-md-0 gutters-col-v-0\"> <div class=\"h-column h-column-container d-flex h-col-lg h-col-md h-col-auto style-302-outer style-local-619-c9-outer\"><div data-colibri-id=\"619-c9\" class=\"d-flex h-flex-basis h-column__inner h-px-lg-3 h-px-md-3 h-px-3 v-inner-lg-3 v-inner-md-3 v-inner-3 style-302 style-local-619-c9 position-relative\"> <div class=\"w-100 h-y-container h-column__content h-column__v-align flex-basis-100 align-self-lg-start align-self-md-start align-self-start\"> <div data-colibri-id=\"619-c10\" class=\"h-blog-title style-303 style-local-619-c10 position-relative h-element\"><div class=\"h-global-transition-all\"><a href=\"https:\/\/dpm-mashel.de\/ekobild\/jugendliche-raumgestaltung\/\"><h4 class=\"colibri-word-wrap\">Wie gestaltet man das Zimmer eines Teenagers?<\/h4><\/a><\/div><\/div><div data-colibri-id=\"619-c11\" class=\"h-blog-meta style-304 style-local-619-c11 position-relative h-element\"><div class=\"metadata-item\"> <a href=\"https:\/\/dpm-mashel.de\/ekobild\/2021\/01\/05\/\">5 Jan<\/a><\/div><\/div><div data-colibri-id=\"619-c12\" class=\"style-305 style-local-619-c12 position-relative h-element\"><div class=\"h-global-transition-all\"><div class=\"colibri-post-excerpt\">Wie kann man einen pers\u00f6nlichen Raum eines schnell heranwachsenden Kindes gestalten?  \n\nUnsere L\u00f6sungen sind elegante Graut\u00f6ne und kreative Akzentw\u00e4nde. Die Nuancen vom Grau passen gut zu bunten Farben und sorgen f\u00fcr Ausgewogenheit. So erh\u00e4lt ein schnell wachsendes Individuum Stabilit\u00e4t und Gleichgewicht.  \n<\/div><\/div><\/div><div data-colibri-id=\"619-c13\" class=\"h-x-container style-306 style-local-619-c13 position-relative h-element\"><div class=\"h-x-container-inner style-dynamic-619-c13-group\"><span class=\"h-button__outer style-307-outer style-local-619-c14-outer d-inline-flex h-element\"><a href=\"https:\/\/dpm-mashel.de\/ekobild\/jugendliche-raumgestaltung\/\" data-colibri-id=\"619-c14\" class=\"d-flex w-100 align-items-center h-button justify-content-lg-center justify-content-md-center justify-content-center style-307 style-local-619-c14 position-relative\"> <span>Weiterlesen<\/span> <span class=\"h-svg-icon h-button__icon style-307-icon style-local-619-c14-icon\"><svg version=\"1.1\" xmlns=\"http:\/\/www.w3.org\/2000\/svg\" xmlns:xlink=\"http:\/\/www.w3.org\/1999\/xlink\" id=\"arrow-right\" viewBox=\"0 0 512 545.5\"><path d=\"M299.5 140.5l136 136 11 11.5-11 11.5-136 136-23-23L385 304H64v-32h321L276.5 163.5z\"><\/path><\/svg><\/span><\/a><\/span><\/div><\/div><\/div><\/div><\/div><\/div><\/div><\/div><\/div><\/div>\n      \n      \n                    <\/div>\n                <\/div>\n              <\/div>\n            <\/div>\n          <\/div>\n        <\/div>\n      <\/div>\n    <\/div>\n  <\/div>\n<\/div>","protected":false},"excerpt":{"rendered":"<p>Gem\u00fctliches Zuhause<\/p>\n","protected":false},"author":1,"featured_media":1328,"parent":0,"menu_order":0,"comment_status":"closed","ping_status":"closed","template":"page-templates\/full-width-page.php","meta":{"footnotes":""},"class_list":["post-619","page","type-page","status-publish","has-post-thumbnail","hentry"],"yoast_head":"<!-- This site is optimized with the Yoast SEO plugin v23.6 - https:\/\/yoast.com\/wordpress\/plugins\/seo\/ -->\n<title>Gem\u00fctliches Zuhause - EKOBILD \/\/ Blog<\/title>\n<meta name=\"robots\" content=\"index, follow, max-snippet:-1, max-image-preview:large, max-video-preview:-1\" \/>\n<link rel=\"canonical\" href=\"https:\/\/dpm-mashel.de\/ekobild\/gemuetliches-zuhause\/\" \/>\n<meta property=\"og:locale\" content=\"de_DE\" \/>\n<meta property=\"og:type\" content=\"article\" \/>\n<meta property=\"og:title\" content=\"Gem\u00fctliches Zuhause - EKOBILD \/\/ Blog\" \/>\n<meta property=\"og:description\" content=\"Gem\u00fctliches Zuhause\" \/>\n<meta property=\"og:url\" content=\"https:\/\/dpm-mashel.de\/ekobild\/gemuetliches-zuhause\/\" \/>\n<meta property=\"og:site_name\" content=\"EKOBILD \/\/ Blog\" \/>\n<meta property=\"article:modified_time\" content=\"2021-04-01T14:00:05+00:00\" \/>\n<meta property=\"og:image\" content=\"https:\/\/dpm-mashel.de\/ekobild\/wp-content\/uploads\/2021\/04\/gemuetliches-zuhause-gross-1-scaled.jpg\" \/>\n\t<meta property=\"og:image:width\" content=\"2560\" \/>\n\t<meta property=\"og:image:height\" content=\"754\" \/>\n\t<meta property=\"og:image:type\" content=\"image\/jpeg\" \/>\n<meta name=\"twitter:card\" content=\"summary_large_image\" \/>\n<meta name=\"twitter:label1\" content=\"Gesch\u00e4tzte Lesezeit\" \/>\n\t<meta name=\"twitter:data1\" content=\"3 Minuten\" \/>\n<script type=\"application\/ld+json\" class=\"yoast-schema-graph\">{\"@context\":\"https:\/\/schema.org\",\"@graph\":[{\"@type\":\"WebPage\",\"@id\":\"https:\/\/dpm-mashel.de\/ekobild\/gemuetliches-zuhause\/\",\"url\":\"https:\/\/dpm-mashel.de\/ekobild\/gemuetliches-zuhause\/\",\"name\":\"Gem\u00fctliches Zuhause - EKOBILD \/\/ Blog\",\"isPartOf\":{\"@id\":\"https:\/\/dpm-mashel.de\/ekobild\/#website\"},\"primaryImageOfPage\":{\"@id\":\"https:\/\/dpm-mashel.de\/ekobild\/gemuetliches-zuhause\/#primaryimage\"},\"image\":{\"@id\":\"https:\/\/dpm-mashel.de\/ekobild\/gemuetliches-zuhause\/#primaryimage\"},\"thumbnailUrl\":\"https:\/\/dpm-mashel.de\/ekobild\/wp-content\/uploads\/2021\/04\/gemuetliches-zuhause-gross-1-scaled.jpg\",\"datePublished\":\"2021-03-31T14:08:56+00:00\",\"dateModified\":\"2021-04-01T14:00:05+00:00\",\"breadcrumb\":{\"@id\":\"https:\/\/dpm-mashel.de\/ekobild\/gemuetliches-zuhause\/#breadcrumb\"},\"inLanguage\":\"de-DE\",\"potentialAction\":[{\"@type\":\"ReadAction\",\"target\":[\"https:\/\/dpm-mashel.de\/ekobild\/gemuetliches-zuhause\/\"]}]},{\"@type\":\"ImageObject\",\"inLanguage\":\"de-DE\",\"@id\":\"https:\/\/dpm-mashel.de\/ekobild\/gemuetliches-zuhause\/#primaryimage\",\"url\":\"https:\/\/dpm-mashel.de\/ekobild\/wp-content\/uploads\/2021\/04\/gemuetliches-zuhause-gross-1-scaled.jpg\",\"contentUrl\":\"https:\/\/dpm-mashel.de\/ekobild\/wp-content\/uploads\/2021\/04\/gemuetliches-zuhause-gross-1-scaled.jpg\",\"width\":2560,\"height\":754},{\"@type\":\"BreadcrumbList\",\"@id\":\"https:\/\/dpm-mashel.de\/ekobild\/gemuetliches-zuhause\/#breadcrumb\",\"itemListElement\":[{\"@type\":\"ListItem\",\"position\":1,\"name\":\"Startseite\",\"item\":\"https:\/\/dpm-mashel.de\/ekobild\/\"},{\"@type\":\"ListItem\",\"position\":2,\"name\":\"Gem\u00fctliches Zuhause\"}]},{\"@type\":\"WebSite\",\"@id\":\"https:\/\/dpm-mashel.de\/ekobild\/#website\",\"url\":\"https:\/\/dpm-mashel.de\/ekobild\/\",\"name\":\"EKOBILD \/\/ Blog\",\"description\":\"Aktuelle Informationen rund um das Thema \u00f6kologisch Streichen und Renovieren.\",\"potentialAction\":[{\"@type\":\"SearchAction\",\"target\":{\"@type\":\"EntryPoint\",\"urlTemplate\":\"https:\/\/dpm-mashel.de\/ekobild\/?s={search_term_string}\"},\"query-input\":{\"@type\":\"PropertyValueSpecification\",\"valueRequired\":true,\"valueName\":\"search_term_string\"}}],\"inLanguage\":\"de-DE\"}]}<\/script>\n<!-- \/ Yoast SEO plugin. -->","yoast_head_json":{"title":"Gem\u00fctliches Zuhause - EKOBILD \/\/ Blog","robots":{"index":"index","follow":"follow","max-snippet":"max-snippet:-1","max-image-preview":"max-image-preview:large","max-video-preview":"max-video-preview:-1"},"canonical":"https:\/\/dpm-mashel.de\/ekobild\/gemuetliches-zuhause\/","og_locale":"de_DE","og_type":"article","og_title":"Gem\u00fctliches Zuhause - EKOBILD \/\/ Blog","og_description":"Gem\u00fctliches Zuhause","og_url":"https:\/\/dpm-mashel.de\/ekobild\/gemuetliches-zuhause\/","og_site_name":"EKOBILD \/\/ Blog","article_modified_time":"2021-04-01T14:00:05+00:00","og_image":[{"width":2560,"height":754,"url":"https:\/\/dpm-mashel.de\/ekobild\/wp-content\/uploads\/2021\/04\/gemuetliches-zuhause-gross-1-scaled.jpg","type":"image\/jpeg"}],"twitter_card":"summary_large_image","twitter_misc":{"Gesch\u00e4tzte Lesezeit":"3 Minuten"},"schema":{"@context":"https:\/\/schema.org","@graph":[{"@type":"WebPage","@id":"https:\/\/dpm-mashel.de\/ekobild\/gemuetliches-zuhause\/","url":"https:\/\/dpm-mashel.de\/ekobild\/gemuetliches-zuhause\/","name":"Gem\u00fctliches Zuhause - EKOBILD \/\/ Blog","isPartOf":{"@id":"https:\/\/dpm-mashel.de\/ekobild\/#website"},"primaryImageOfPage":{"@id":"https:\/\/dpm-mashel.de\/ekobild\/gemuetliches-zuhause\/#primaryimage"},"image":{"@id":"https:\/\/dpm-mashel.de\/ekobild\/gemuetliches-zuhause\/#primaryimage"},"thumbnailUrl":"https:\/\/dpm-mashel.de\/ekobild\/wp-content\/uploads\/2021\/04\/gemuetliches-zuhause-gross-1-scaled.jpg","datePublished":"2021-03-31T14:08:56+00:00","dateModified":"2021-04-01T14:00:05+00:00","breadcrumb":{"@id":"https:\/\/dpm-mashel.de\/ekobild\/gemuetliches-zuhause\/#breadcrumb"},"inLanguage":"de-DE","potentialAction":[{"@type":"ReadAction","target":["https:\/\/dpm-mashel.de\/ekobild\/gemuetliches-zuhause\/"]}]},{"@type":"ImageObject","inLanguage":"de-DE","@id":"https:\/\/dpm-mashel.de\/ekobild\/gemuetliches-zuhause\/#primaryimage","url":"https:\/\/dpm-mashel.de\/ekobild\/wp-content\/uploads\/2021\/04\/gemuetliches-zuhause-gross-1-scaled.jpg","contentUrl":"https:\/\/dpm-mashel.de\/ekobild\/wp-content\/uploads\/2021\/04\/gemuetliches-zuhause-gross-1-scaled.jpg","width":2560,"height":754},{"@type":"BreadcrumbList","@id":"https:\/\/dpm-mashel.de\/ekobild\/gemuetliches-zuhause\/#breadcrumb","itemListElement":[{"@type":"ListItem","position":1,"name":"Startseite","item":"https:\/\/dpm-mashel.de\/ekobild\/"},{"@type":"ListItem","position":2,"name":"Gem\u00fctliches Zuhause"}]},{"@type":"WebSite","@id":"https:\/\/dpm-mashel.de\/ekobild\/#website","url":"https:\/\/dpm-mashel.de\/ekobild\/","name":"EKOBILD \/\/ Blog","description":"Aktuelle Informationen rund um das Thema \u00f6kologisch Streichen und Renovieren.","potentialAction":[{"@type":"SearchAction","target":{"@type":"EntryPoint","urlTemplate":"https:\/\/dpm-mashel.de\/ekobild\/?s={search_term_string}"},"query-input":{"@type":"PropertyValueSpecification","valueRequired":true,"valueName":"search_term_string"}}],"inLanguage":"de-DE"}]}},"_links":{"self":[{"href":"https:\/\/dpm-mashel.de\/ekobild\/wp-json\/wp\/v2\/pages\/619"}],"collection":[{"href":"https:\/\/dpm-mashel.de\/ekobild\/wp-json\/wp\/v2\/pages"}],"about":[{"href":"https:\/\/dpm-mashel.de\/ekobild\/wp-json\/wp\/v2\/types\/page"}],"author":[{"embeddable":true,"href":"https:\/\/dpm-mashel.de\/ekobild\/wp-json\/wp\/v2\/users\/1"}],"replies":[{"embeddable":true,"href":"https:\/\/dpm-mashel.de\/ekobild\/wp-json\/wp\/v2\/comments?post=619"}],"version-history":[{"count":11,"href":"https:\/\/dpm-mashel.de\/ekobild\/wp-json\/wp\/v2\/pages\/619\/revisions"}],"predecessor-version":[{"id":1440,"href":"https:\/\/dpm-mashel.de\/ekobild\/wp-json\/wp\/v2\/pages\/619\/revisions\/1440"}],"wp:featuredmedia":[{"embeddable":true,"href":"https:\/\/dpm-mashel.de\/ekobild\/wp-json\/wp\/v2\/media\/1328"}],"wp:attachment":[{"href":"https:\/\/dpm-mashel.de\/ekobild\/wp-json\/wp\/v2\/media?parent=619"}],"curies":[{"name":"wp","href":"https:\/\/api.w.org\/{rel}","templated":true}]}}